{"id":1046,"date":"2025-11-13T09:15:53","date_gmt":"2025-11-13T09:15:53","guid":{"rendered":"https:\/\/verlorene-generation.com\/kuenstler\/ewald-weinhold-klara\/"},"modified":"2026-01-21T11:30:03","modified_gmt":"2026-01-21T11:30:03","slug":"ewald-weinhold-klara","status":"publish","type":"kuenstler","link":"https:\/\/verlorene-generation.com\/en\/kuenstler\/ewald-weinhold-klara\/","title":{"rendered":"Ewald-Weinhold, Klara"},"content":{"rendered":"<p>Klara Ewald-Weinhold wurde 1903 im Elsass geboren. Die Familie \u00fcbersiedelte 1905 nach Mainz, wo Ewald-Weinhold die h\u00f6here M\u00e4dchenschule besuchte. Im Jahr 1920 wurde ihr Vater nach Hanau versetzt und die Familie zog mit. Ihre k\u00fcnstlerische Ausbildung begann sie als 17-J\u00e4hrige an der Staatlichen Zeichenakademie bei Hans Schimke, Richard Estler (1873\u20131952) und Rei\u00dfner. Danach wechselte sie f\u00fcr drei Jahre an die Kunstakademie Kassel und arbeitete zwischendurch als Gymnasiklehrerin in Berlin. Im Jahr 1924 kehrte sie nach Hanau zur\u00fcck und wurde \u00fcber sieben Jahre lang Meistersch\u00fclerin bei Reinhold Ewald, den sie 1928 heiratete. Landschafts- und Portr\u00e4tmalerei bestimmen ihren k\u00fcnstlerischen Arbeitsbereich. Zahlreiche Ausstellungen in der Akademie Hanau, in der Orangerie Kassel, in der \u201eNeuen Sezession Darmstadt\u201c, im Kunstverein Frankfurt und im Palais de Chaillot in Paris folgten.<\/p>\n<p>Bei einem Bombenangriff 1945 verbrannten fast alle ihrer Bilder. Im Jahr 1968 wurde sie erste Vorsitzende des K\u00fcnstlerbundes \u201eSimplicius\u201c.<\/p>","protected":false},"featured_media":0,"template":"","meta":{"_acf_changed":false,"slim_seo":{"title":"Ewald-Weinhold, Klara - Museum der verlorenen Generation","description":"Klara Ewald-Weinhold wurde 1903 im Elsass geboren. Die Familie \u00fcbersiedelte 1905 nach Mainz, wo Ewald-Weinhold die h\u00f6here M\u00e4dchenschule besuchte. Im Jahr 1920 w"}},"categories":[96],"class_list":["post-1046","kuenstler","type-kuenstler","status-publish","hentry","category-kuenstler"],"acf":[],"_links":{"self":[{"href":"https:\/\/verlorene-generation.com\/en\/wp-json\/wp\/v2\/kuenstler\/1046","targetHints":{"allow":["GET"]}}],"collection":[{"href":"https:\/\/verlorene-generation.com\/en\/wp-json\/wp\/v2\/kuenstler"}],"about":[{"href":"https:\/\/verlorene-generation.com\/en\/wp-json\/wp\/v2\/types\/kuenstler"}],"wp:attachment":[{"href":"https:\/\/verlorene-generation.com\/en\/wp-json\/wp\/v2\/media?parent=1046"}],"wp:term":[{"taxonomy":"category","embeddable":true,"href":"https:\/\/verlorene-generation.com\/en\/wp-json\/wp\/v2\/categories?post=1046"}],"curies":[{"name":"wp","href":"https:\/\/api.w.org\/{rel}","templated":true}]}}