{"id":1112,"date":"2025-11-13T09:28:16","date_gmt":"2025-11-13T09:28:16","guid":{"rendered":"https:\/\/verlorene-generation.com\/kuenstler\/herberg-marianne\/"},"modified":"2026-01-23T15:21:45","modified_gmt":"2026-01-23T15:21:45","slug":"herberg-marianne","status":"publish","type":"kuenstler","link":"https:\/\/verlorene-generation.com\/en\/kuenstler\/herberg-marianne\/","title":{"rendered":"Herberg, Marianne"},"content":{"rendered":"<p>Marianne Herberg wurde 1901 im Leipziger Stadtteil Connewitz geboren. Ihre k\u00fcnstlerische Ausbildung begann sie 1924 an der Kunstgewerbeschule Dresden. Dort studierte sie bis 1929 bei der renommierten Textilk\u00fcnstlerin Margarete Junge (1874\u20131966) und dem Avantgarde-Fotografen und Maler Edmund Kesting (1892\u20131970). Von 1930 bis 1932 setzte sie ihre Ausbildung an der Hans Hofmann Schule f\u00fcr Bildende Kunst in M\u00fcnchen fort. Anschlie\u00dfend unternahm sie Studienreisen nach Italien, Spanien und Griechenland und beteiligte sich in den folgenden Jahren regelm\u00e4\u00dfig an Ausstellungen im s\u00e4chsischen Raum. In St\u00e4dten wie Mei\u00dfen, Dresden und Leipzig wurde sie vor allem mit Landschaften und Stillleben bekannt. 1936 arbeitete sie als freischaffende Malerin in Dresden. In diesem Jahr entstand auch ihr Werk \u201eFr\u00fcchtestillleben mit Krug\u201c.<\/p>\n<p>Politisch blieb sie w\u00e4hrend der NS-Zeit unbehindert, doch die Luftangriffe auf Dresden im Februar 1945 zerst\u00f6rten ihr Atelier. Mit dem Verlust ihres gesamten Fr\u00fchwerks begann ein neuer Lebensabschnitt: Herberg zog nach Planitz bei Mei\u00dfen und wurde Mitglied im Verband Bildender K\u00fcnstler Deutschlands sowie im Landesverband Bildender K\u00fcnstler Sachsen.<\/p>\n<p>In der DDR wurde Kunst erneut zum politischen Instrument. Sie sollte die Ideale des Sozialismus vermitteln, die Gesellschaft erziehen und inspirieren. Die F\u00f6rderung von Kunstschaffenden gab dem Staat Kontrolle \u00fcber Inhalte und Ausdrucksm\u00f6glichkeiten. Wie viele ihrer Kolleg:innen \u00fcbernahm Herberg staatliche Auftr\u00e4ge und begleitete den Wiederaufbau nach dem Zweiten Weltkrieg k\u00fcnstlerisch.<\/p>\n<p>Im Jahr 1956 wagte sie einen Neuanfang: Sie verlie\u00df die DDR und zog nach Stuttgart. Dort war die Kunstproduktion deutlich unabh\u00e4ngiger, sodass man freier und vielf\u00e4ltiger arbeiten konnte. Sie wurde Mitglied im Verband Bildender K\u00fcnstler W\u00fcrttembergs und im Bund Bildender K\u00fcnstlerinnen W\u00fcrttembergs, nahm an den j\u00e4hrlichen Ausstellungen teil und bem\u00fchte sich, auch im Westen als K\u00fcnstlerin Fu\u00df zu fassen. Ab 1971 lebte sie in Aum\u00fchle bei Hamburg, wo sie weiterhin k\u00fcnstlerisch aktiv war.<\/p>\n<p>Weiterf\u00fchrende Informationen finden Sie in unserem Sammlungskatalog \u201eWir werden euch nicht Vergessen. Die Verlorene Generation. Ihre Kunst. Ihre Geschichten \u201c. Dieser ist\u00a0<span style=\"color: #33cccc;\"><a style=\"color: #33cccc;\" href=\"https:\/\/verlorene-generation.com\/en\/product\/wir-werden-euch-nicht-vergessen-die-verlorene-generation-ihre-kunst-ihre-geschichten\/\">hier\u00a0<\/a><\/span>erh\u00e4ltlich.<\/p>","protected":false},"featured_media":0,"template":"","meta":{"_acf_changed":false,"slim_seo":{"title":"Herberg, Marianne - Museum der verlorenen Generation","description":"Marianne Herberg wurde 1901 im Leipziger Stadtteil Connewitz geboren. Ihre k\u00fcnstlerische Ausbildung begann sie 1924 an der Kunstgewerbeschule Dresden. Dort stud"}},"categories":[96],"class_list":["post-1112","kuenstler","type-kuenstler","status-publish","hentry","category-kuenstler"],"acf":[],"_links":{"self":[{"href":"https:\/\/verlorene-generation.com\/en\/wp-json\/wp\/v2\/kuenstler\/1112","targetHints":{"allow":["GET"]}}],"collection":[{"href":"https:\/\/verlorene-generation.com\/en\/wp-json\/wp\/v2\/kuenstler"}],"about":[{"href":"https:\/\/verlorene-generation.com\/en\/wp-json\/wp\/v2\/types\/kuenstler"}],"wp:attachment":[{"href":"https:\/\/verlorene-generation.com\/en\/wp-json\/wp\/v2\/media?parent=1112"}],"wp:term":[{"taxonomy":"category","embeddable":true,"href":"https:\/\/verlorene-generation.com\/en\/wp-json\/wp\/v2\/categories?post=1112"}],"curies":[{"name":"wp","href":"https:\/\/api.w.org\/{rel}","templated":true}]}}