{"id":913,"date":"2025-11-06T15:24:43","date_gmt":"2025-11-06T15:24:43","guid":{"rendered":"https:\/\/verlorene-generation.com\/?post_type=product&#038;p=913"},"modified":"2025-11-25T15:07:22","modified_gmt":"2025-11-25T15:07:22","slug":"die-nachtigall","status":"publish","type":"product","link":"https:\/\/verlorene-generation.com\/en\/product\/die-nachtigall\/","title":{"rendered":"Die Nachtigall"},"content":{"rendered":"<p>\u201eIch liebe dieses Buch \u2013 gro\u00dfe Charaktere, gro\u00dfe Geschichten, gro\u00dfe Gef\u00fchle.\u201c Isabel Allende<\/p>\n<p>Zwei Schwestern im besetzten Frankreich: Vianne, die \u00c4ltere, muss ihren Mann in den Krieg ziehen lassen und wird im Kampf um das \u00dcberleben ihrer kleinen\u00a0<em class=\"element-background-basic-colors marker\" data-color=\"04b\">Tochter<\/em>\u00a0vor furchtbare Entscheidungen gestellt. Die j\u00fcngere Isabelle schlie\u00dft sich indes der R\u00e9sistance an und sucht die Freiheit auf dem Pfad der Nachtigall, einem geheimen Fluchtweg \u00fcber die Pyren\u00e4en. Doch wie weit darf man gehen, um zu \u00fcberleben? Und wie kann man die sch\u00fctzen, die man liebt?<\/p>\n<p>\u00bbKristin Hannah ist es gelungen, historische Ereignisse so emotional aufzubereiten, dass einem beim Lesen die Tr\u00e4nen kommen.\u00ab Freundin<\/p>\n<p>&nbsp;<\/p>","protected":false},"excerpt":{"rendered":"<p><strong>Autor:<\/strong> Kristin Hannah<br \/>\n<strong>Sprache:<\/strong> Deutsch<br \/>\n<strong>Buch:<\/strong> Taschenbuch<br \/>\n<strong>Seiten:<\/strong> 611<br \/>\n<strong>Verlag:<\/strong> Aufbau Taschenbuch Verlag<\/p>","protected":false},"featured_media":963,"template":"","meta":{"_acf_changed":false,"slim_seo":{"title":"Die Nachtigall - Museum der verlorenen Generation","description":"Autor: Kristin Hannah Sprache: Deutsch Buch: Taschenbuch Seiten: 611 Verlag: Aufbau Taschenbuch Verlag"}},"product_brand":[],"product_cat":[114],"product_tag":[120],"class_list":{"0":"post-913","1":"product","2":"type-product","3":"status-publish","4":"has-post-thumbnail","6":"product_cat-buecher","7":"product_tag-buch","8":"product_shipping_class-faecher-felix-u-felka-jagd-auf-w-sam","10":"first","11":"instock","12":"taxable","13":"shipping-taxable","14":"purchasable","15":"product-type-simple"},"acf":[],"_links":{"self":[{"href":"https:\/\/verlorene-generation.com\/en\/wp-json\/wp\/v2\/product\/913","targetHints":{"allow":["GET"]}}],"collection":[{"href":"https:\/\/verlorene-generation.com\/en\/wp-json\/wp\/v2\/product"}],"about":[{"href":"https:\/\/verlorene-generation.com\/en\/wp-json\/wp\/v2\/types\/product"}],"wp:featuredmedia":[{"embeddable":true,"href":"https:\/\/verlorene-generation.com\/en\/wp-json\/wp\/v2\/media\/963"}],"wp:attachment":[{"href":"https:\/\/verlorene-generation.com\/en\/wp-json\/wp\/v2\/media?parent=913"}],"wp:term":[{"taxonomy":"product_brand","embeddable":true,"href":"https:\/\/verlorene-generation.com\/en\/wp-json\/wp\/v2\/product_brand?post=913"},{"taxonomy":"product_cat","embeddable":true,"href":"https:\/\/verlorene-generation.com\/en\/wp-json\/wp\/v2\/product_cat?post=913"},{"taxonomy":"product_tag","embeddable":true,"href":"https:\/\/verlorene-generation.com\/en\/wp-json\/wp\/v2\/product_tag?post=913"}],"curies":[{"name":"wp","href":"https:\/\/api.w.org\/{rel}","templated":true}]}}